{"id":8389,"date":"2020-04-29T00:20:53","date_gmt":"2020-04-29T00:20:53","guid":{"rendered":"https:\/\/lescollectionsprivees.com\/?post_type=product&#038;p=8389"},"modified":"2024-08-27T14:13:00","modified_gmt":"2024-08-27T14:13:00","slug":"fakhar-al-oud-ard-al-zaafaran","status":"publish","type":"product","link":"https:\/\/lescollectionsprivees.com\/es\/parfum\/fakhar-al-oud-ard-al-zaafaran\/","title":{"rendered":"Fakhar Al Oud - Ard Al Zaafaran"},"content":{"rendered":"<h2><strong>Fakhar Al Oud de Ard Al Zaafaran<\/strong><\/h2>\n<p>Vibrante y suntuoso, Fakhar Al Oud de Ard Al Zaafaran absorbe su esp\u00edritu con sus majestuosas emanaciones de notas orientales, especiadas, bals\u00e1micas, florales, amaderadas, ambarinas y almizcladas. Una fragancia de lujo que se ha ganado un lugar entre los mejores dise\u00f1os de la famosa marca emirat\u00ed. Esta fascinante fragancia desprende aromas sublimes y deseables que le transportan a una nueva dimensi\u00f3n.<\/p>\n<h2><strong>Una lujosa efluencia de arte de Oriente Medio<\/strong><\/h2>\n<p>Al igual que sus cong\u00e9neres, Fakhar Al Oud de Ard Al Zaafaran es una magn\u00edfica interpretaci\u00f3n de la herencia oriental. Ni que decir tiene que esta fragancia de Dubai posee caracter\u00edsticas propias de las tradiciones de Oriente Medio.<\/p>\n<p>Basta con inhalar sus maravillosas fragancias para darse cuenta de ello. Adem\u00e1s, su fant\u00e1stico envase y frasco, adornados con un bonito pomp\u00f3n tradicional, demuestran f\u00e1cilmente por qu\u00e9 es tan especial.<\/p>\n<p>Sin embargo, incluso las narices que prefieren los aromas occidentales caen bajo su hechizo. En definitiva, esta magn\u00edfica fragancia \u00e1rabe es un\u00e1nimemente apreciada tanto por hombres como por mujeres. Adem\u00e1s, es popular en todo el mundo.<\/p>\n<h2><strong>Una composici\u00f3n espl\u00e9ndida y un aroma excepcional<\/strong><\/h2>\n<p>Lo que hace que esta fragancia oriental sea tan popular es su rico y suntuoso perfil olfativo. De hecho, admirar\u00e1 sus notas de salida orientales y especiadas que contienen nagarmotha, nuez moscada y azafr\u00e1n.<\/p>\n<p>Tambi\u00e9n te enamorar\u00e1s de sus notas de coraz\u00f3n orientales, amaderadas y florales. Una irresistible mezcla de s\u00e1ndalo, cedro, madera de gurjun, madera de guayaco, pachul\u00ed y jazm\u00edn.<\/p>\n<p>Adem\u00e1s, las notas de fondo almizcladas, ambarinas y bals\u00e1micas de vainilla y tonka le seducir\u00e1n intensamente. Esta extraordinaria fragancia tiene una estela impresionante y una proyecci\u00f3n satisfactoria. Esta joya oriental realzar\u00e1 sus d\u00edas y sus noches.<\/p>","protected":false},"excerpt":{"rendered":"<p><strong><u>Datos t\u00e9cnicos :<\/u><\/strong><\/p>\n<p><strong>Nombre del perfume<\/strong> : Fakhar Al Oud<br \/>\n<strong>Marca :<\/strong> Ard Al Zaafaran<br \/>\n<strong>Tipo<\/strong> Unisex<br \/>\n<strong>Capacidad<\/strong> 100 ml<\/p>","protected":false},"featured_media":8373,"template":"","meta":[],"product_brand":[],"product_cat":[274,15],"product_tag":[],"class_list":{"0":"post-8389","1":"product","2":"type-product","3":"status-publish","4":"has-post-thumbnail","6":"product_cat-ard-al-zaafaran","7":"product_cat-parfums-de-dubai","8":"pa_marque-ard-al-zaafaran","10":"first","11":"instock","12":"taxable","13":"shipping-taxable","14":"purchasable","15":"product-type-simple"},"yoast_head":"<!-- This site is optimized with the Yoast SEO plugin v27.5 - https:\/\/yoast.com\/product\/yoast-seo-wordpress\/ -->\n<title>Fakhar Al Oud de Ard Al Zaafaran en 100 ml - Les Collections Priv\u00e9es<\/title>\n<meta name=\"description\" content=\"Parfum oriental vibrant et somptueux, Fakhar Al Oud de Ard Al Zaafaran absorbe votre esprit \u00e0 travers ses majestueuses \u00e9manations. Venez vite le d\u00e9couvrir\u00a0!\" \/>\n<meta name=\"robots\" content=\"index, follow, max-snippet:-1, max-image-preview:large, max-video-preview:-1\" \/>\n<link rel=\"canonical\" href=\"https:\/\/lescollectionsprivees.com\/es\/fragancia\/fakhar-al-oud-ard-al-zaafaran\/\" \/>\n<meta property=\"og:locale\" content=\"es_ES\" \/>\n<meta property=\"og:type\" content=\"article\" \/>\n<meta property=\"og:title\" content=\"Fakhar Al Oud de Ard Al Zaafaran en 100 ml - Les Collections Priv\u00e9es\" \/>\n<meta property=\"og:description\" content=\"Parfum oriental vibrant et somptueux, Fakhar Al Oud de Ard Al Zaafaran absorbe votre esprit \u00e0 travers ses majestueuses \u00e9manations. Venez vite le d\u00e9couvrir\u00a0!\" \/>\n<meta property=\"og:url\" content=\"https:\/\/lescollectionsprivees.com\/es\/fragancia\/fakhar-al-oud-ard-al-zaafaran\/\" \/>\n<meta property=\"og:site_name\" content=\"Les Collections Priv\u00e9es\" \/>\n<meta property=\"article:modified_time\" content=\"2024-08-27T14:13:00+00:00\" \/>\n<meta property=\"og:image\" content=\"https:\/\/lescollectionsprivees.com\/wp-content\/uploads\/2020\/04\/Fakhar-Al-Oud-Les-Collections-Priv\u00e9es.jpg\" \/>\n\t<meta property=\"og:image:width\" content=\"521\" \/>\n\t<meta property=\"og:image:height\" content=\"695\" \/>\n\t<meta property=\"og:image:type\" content=\"image\/jpeg\" \/>\n<meta name=\"twitter:card\" content=\"summary_large_image\" \/>\n<meta name=\"twitter:label1\" content=\"Tiempo de lectura\" \/>\n\t<meta name=\"twitter:data1\" content=\"2 minutos\" \/>\n<script type=\"application\/ld+json\" class=\"yoast-schema-graph\">{\"@context\":\"https:\\\/\\\/schema.org\",\"@graph\":[{\"@type\":\"WebPage\",\"@id\":\"https:\\\/\\\/lescollectionsprivees.com\\\/parfum\\\/fakhar-al-oud-ard-al-zaafaran\\\/\",\"url\":\"https:\\\/\\\/lescollectionsprivees.com\\\/parfum\\\/fakhar-al-oud-ard-al-zaafaran\\\/\",\"name\":\"Fakhar Al Oud de Ard Al Zaafaran en 100 ml - Les Collections Priv\u00e9es\",\"isPartOf\":{\"@id\":\"https:\\\/\\\/lescollectionsprivees.com\\\/#website\"},\"primaryImageOfPage\":{\"@id\":\"https:\\\/\\\/lescollectionsprivees.com\\\/parfum\\\/fakhar-al-oud-ard-al-zaafaran\\\/#primaryimage\"},\"image\":{\"@id\":\"https:\\\/\\\/lescollectionsprivees.com\\\/parfum\\\/fakhar-al-oud-ard-al-zaafaran\\\/#primaryimage\"},\"thumbnailUrl\":\"https:\\\/\\\/lescollectionsprivees.com\\\/wp-content\\\/uploads\\\/2020\\\/04\\\/Fakhar-Al-Oud-Les-Collections-Priv\u00e9es.jpg\",\"datePublished\":\"2020-04-29T00:20:53+00:00\",\"dateModified\":\"2024-08-27T14:13:00+00:00\",\"description\":\"Parfum oriental vibrant et somptueux, Fakhar Al Oud de Ard Al Zaafaran absorbe votre esprit \u00e0 travers ses majestueuses \u00e9manations. Venez vite le d\u00e9couvrir\u00a0!\",\"breadcrumb\":{\"@id\":\"https:\\\/\\\/lescollectionsprivees.com\\\/parfum\\\/fakhar-al-oud-ard-al-zaafaran\\\/#breadcrumb\"},\"inLanguage\":\"es\",\"potentialAction\":[{\"@type\":\"ReadAction\",\"target\":[\"https:\\\/\\\/lescollectionsprivees.com\\\/parfum\\\/fakhar-al-oud-ard-al-zaafaran\\\/\"]}]},{\"@type\":\"ImageObject\",\"inLanguage\":\"es\",\"@id\":\"https:\\\/\\\/lescollectionsprivees.com\\\/parfum\\\/fakhar-al-oud-ard-al-zaafaran\\\/#primaryimage\",\"url\":\"https:\\\/\\\/lescollectionsprivees.com\\\/wp-content\\\/uploads\\\/2020\\\/04\\\/Fakhar-Al-Oud-Les-Collections-Priv\u00e9es.jpg\",\"contentUrl\":\"https:\\\/\\\/lescollectionsprivees.com\\\/wp-content\\\/uploads\\\/2020\\\/04\\\/Fakhar-Al-Oud-Les-Collections-Priv\u00e9es.jpg\",\"width\":521,\"height\":695,\"caption\":\"Fakhar Al Oud de Ard Al Zaafaran - Les Collections Priv\u00e9es\"},{\"@type\":\"BreadcrumbList\",\"@id\":\"https:\\\/\\\/lescollectionsprivees.com\\\/parfum\\\/fakhar-al-oud-ard-al-zaafaran\\\/#breadcrumb\",\"itemListElement\":[{\"@type\":\"ListItem\",\"position\":1,\"name\":\"Accueil\",\"item\":\"https:\\\/\\\/lescollectionsprivees.com\\\/\"},{\"@type\":\"ListItem\",\"position\":2,\"name\":\"Boutique\",\"item\":\"https:\\\/\\\/lescollectionsprivees.com\\\/boutique\\\/\"},{\"@type\":\"ListItem\",\"position\":3,\"name\":\"Fakhar Al Oud &#8211; Ard Al Zaafaran\"}]},{\"@type\":\"WebSite\",\"@id\":\"https:\\\/\\\/lescollectionsprivees.com\\\/#website\",\"url\":\"https:\\\/\\\/lescollectionsprivees.com\\\/\",\"name\":\"Les Collections Priv\u00e9es\",\"description\":\"\",\"publisher\":{\"@id\":\"https:\\\/\\\/lescollectionsprivees.com\\\/#organization\"},\"potentialAction\":[{\"@type\":\"SearchAction\",\"target\":{\"@type\":\"EntryPoint\",\"urlTemplate\":\"https:\\\/\\\/lescollectionsprivees.com\\\/?s={search_term_string}\"},\"query-input\":{\"@type\":\"PropertyValueSpecification\",\"valueRequired\":true,\"valueName\":\"search_term_string\"}}],\"inLanguage\":\"es\"},{\"@type\":\"Organization\",\"@id\":\"https:\\\/\\\/lescollectionsprivees.com\\\/#organization\",\"name\":\"Les Collections Priv\u00e9es\",\"url\":\"https:\\\/\\\/lescollectionsprivees.com\\\/\",\"logo\":{\"@type\":\"ImageObject\",\"inLanguage\":\"es\",\"@id\":\"https:\\\/\\\/lescollectionsprivees.com\\\/#\\\/schema\\\/logo\\\/image\\\/\",\"url\":\"https:\\\/\\\/lescollectionsprivees.com\\\/wp-content\\\/uploads\\\/2020\\\/02\\\/Logo-Les-Collections-Priv\u00e9es-450x450-1.png\",\"contentUrl\":\"https:\\\/\\\/lescollectionsprivees.com\\\/wp-content\\\/uploads\\\/2020\\\/02\\\/Logo-Les-Collections-Priv\u00e9es-450x450-1.png\",\"width\":450,\"height\":450,\"caption\":\"Les Collections Priv\u00e9es\"},\"image\":{\"@id\":\"https:\\\/\\\/lescollectionsprivees.com\\\/#\\\/schema\\\/logo\\\/image\\\/\"}}]}<\/script>\n<!-- \/ Yoast SEO plugin. -->","yoast_head_json":{"title":"Fakhar Al Oud de Ard Al Zaafaran en 100 ml - Les Collections Priv\u00e9es","description":"Fragancia oriental vibrante y suntuosa, Fakhar Al Oud de Ard Al Zaafaran absorbe su esp\u00edritu con sus majestuosas emanaciones. \u00a1Venga a descubrirla!","robots":{"index":"index","follow":"follow","max-snippet":"max-snippet:-1","max-image-preview":"max-image-preview:large","max-video-preview":"max-video-preview:-1"},"canonical":"https:\/\/lescollectionsprivees.com\/es\/fragancia\/fakhar-al-oud-ard-al-zaafaran\/","og_locale":"es_ES","og_type":"article","og_title":"Fakhar Al Oud de Ard Al Zaafaran en 100 ml - Les Collections Priv\u00e9es","og_description":"Parfum oriental vibrant et somptueux, Fakhar Al Oud de Ard Al Zaafaran absorbe votre esprit \u00e0 travers ses majestueuses \u00e9manations. Venez vite le d\u00e9couvrir\u00a0!","og_url":"https:\/\/lescollectionsprivees.com\/es\/fragancia\/fakhar-al-oud-ard-al-zaafaran\/","og_site_name":"Les Collections Priv\u00e9es","article_modified_time":"2024-08-27T14:13:00+00:00","og_image":[{"width":521,"height":695,"url":"https:\/\/lescollectionsprivees.com\/wp-content\/uploads\/2020\/04\/Fakhar-Al-Oud-Les-Collections-Priv\u00e9es.jpg","type":"image\/jpeg"}],"twitter_card":"summary_large_image","twitter_misc":{"Tiempo de lectura":"2 minutos"},"schema":{"@context":"https:\/\/schema.org","@graph":[{"@type":"WebPage","@id":"https:\/\/lescollectionsprivees.com\/parfum\/fakhar-al-oud-ard-al-zaafaran\/","url":"https:\/\/lescollectionsprivees.com\/parfum\/fakhar-al-oud-ard-al-zaafaran\/","name":"Fakhar Al Oud de Ard Al Zaafaran en 100 ml - Les Collections Priv\u00e9es","isPartOf":{"@id":"https:\/\/lescollectionsprivees.com\/#website"},"primaryImageOfPage":{"@id":"https:\/\/lescollectionsprivees.com\/parfum\/fakhar-al-oud-ard-al-zaafaran\/#primaryimage"},"image":{"@id":"https:\/\/lescollectionsprivees.com\/parfum\/fakhar-al-oud-ard-al-zaafaran\/#primaryimage"},"thumbnailUrl":"https:\/\/lescollectionsprivees.com\/wp-content\/uploads\/2020\/04\/Fakhar-Al-Oud-Les-Collections-Priv\u00e9es.jpg","datePublished":"2020-04-29T00:20:53+00:00","dateModified":"2024-08-27T14:13:00+00:00","description":"Fragancia oriental vibrante y suntuosa, Fakhar Al Oud de Ard Al Zaafaran absorbe su esp\u00edritu con sus majestuosas emanaciones. \u00a1Venga a descubrirla!","breadcrumb":{"@id":"https:\/\/lescollectionsprivees.com\/parfum\/fakhar-al-oud-ard-al-zaafaran\/#breadcrumb"},"inLanguage":"es","potentialAction":[{"@type":"ReadAction","target":["https:\/\/lescollectionsprivees.com\/parfum\/fakhar-al-oud-ard-al-zaafaran\/"]}]},{"@type":"ImageObject","inLanguage":"es","@id":"https:\/\/lescollectionsprivees.com\/parfum\/fakhar-al-oud-ard-al-zaafaran\/#primaryimage","url":"https:\/\/lescollectionsprivees.com\/wp-content\/uploads\/2020\/04\/Fakhar-Al-Oud-Les-Collections-Priv\u00e9es.jpg","contentUrl":"https:\/\/lescollectionsprivees.com\/wp-content\/uploads\/2020\/04\/Fakhar-Al-Oud-Les-Collections-Priv\u00e9es.jpg","width":521,"height":695,"caption":"Fakhar Al Oud de Ard Al Zaafaran - Les Collections Priv\u00e9es"},{"@type":"BreadcrumbList","@id":"https:\/\/lescollectionsprivees.com\/parfum\/fakhar-al-oud-ard-al-zaafaran\/#breadcrumb","itemListElement":[{"@type":"ListItem","position":1,"name":"Accueil","item":"https:\/\/lescollectionsprivees.com\/"},{"@type":"ListItem","position":2,"name":"Boutique","item":"https:\/\/lescollectionsprivees.com\/boutique\/"},{"@type":"ListItem","position":3,"name":"Fakhar Al Oud &#8211; Ard Al Zaafaran"}]},{"@type":"WebSite","@id":"https:\/\/lescollectionsprivees.com\/#website","url":"https:\/\/lescollectionsprivees.com\/","name":"Colecciones privadas","description":"","publisher":{"@id":"https:\/\/lescollectionsprivees.com\/#organization"},"potentialAction":[{"@type":"SearchAction","target":{"@type":"EntryPoint","urlTemplate":"https:\/\/lescollectionsprivees.com\/?s={search_term_string}"},"query-input":{"@type":"PropertyValueSpecification","valueRequired":true,"valueName":"search_term_string"}}],"inLanguage":"es"},{"@type":"Organization","@id":"https:\/\/lescollectionsprivees.com\/#organization","name":"Colecciones privadas","url":"https:\/\/lescollectionsprivees.com\/","logo":{"@type":"ImageObject","inLanguage":"es","@id":"https:\/\/lescollectionsprivees.com\/#\/schema\/logo\/image\/","url":"https:\/\/lescollectionsprivees.com\/wp-content\/uploads\/2020\/02\/Logo-Les-Collections-Priv\u00e9es-450x450-1.png","contentUrl":"https:\/\/lescollectionsprivees.com\/wp-content\/uploads\/2020\/02\/Logo-Les-Collections-Priv\u00e9es-450x450-1.png","width":450,"height":450,"caption":"Les Collections Priv\u00e9es"},"image":{"@id":"https:\/\/lescollectionsprivees.com\/#\/schema\/logo\/image\/"}}]}},"_links":{"self":[{"href":"https:\/\/lescollectionsprivees.com\/es\/wp-json\/wp\/v2\/product\/8389","targetHints":{"allow":["GET"]}}],"collection":[{"href":"https:\/\/lescollectionsprivees.com\/es\/wp-json\/wp\/v2\/product"}],"about":[{"href":"https:\/\/lescollectionsprivees.com\/es\/wp-json\/wp\/v2\/types\/product"}],"wp:featuredmedia":[{"embeddable":true,"href":"https:\/\/lescollectionsprivees.com\/es\/wp-json\/wp\/v2\/media\/8373"}],"wp:attachment":[{"href":"https:\/\/lescollectionsprivees.com\/es\/wp-json\/wp\/v2\/media?parent=8389"}],"wp:term":[{"taxonomy":"product_brand","embeddable":true,"href":"https:\/\/lescollectionsprivees.com\/es\/wp-json\/wp\/v2\/product_brand?post=8389"},{"taxonomy":"product_cat","embeddable":true,"href":"https:\/\/lescollectionsprivees.com\/es\/wp-json\/wp\/v2\/product_cat?post=8389"},{"taxonomy":"product_tag","embeddable":true,"href":"https:\/\/lescollectionsprivees.com\/es\/wp-json\/wp\/v2\/product_tag?post=8389"}],"curies":[{"name":"wp","href":"https:\/\/api.w.org\/{rel}","templated":true}]}}