{"id":6411,"date":"2020-02-06T12:41:40","date_gmt":"2020-02-06T12:41:40","guid":{"rendered":"https:\/\/lescollectionsprivees.com\/produit\/import-placeholder-for-2119\/"},"modified":"2026-08-31T16:39:20","modified_gmt":"2026-08-31T16:39:20","slug":"baccara-vaniglia-les-fleurs-du-golfe","status":"publish","type":"product","link":"https:\/\/lescollectionsprivees.com\/it\/parfum\/baccara-vanille-les-fleurs-du-golfe\/","title":{"rendered":"Baccara Vanille - Les Fleurs du Golfe"},"content":{"rendered":"<p>Per molti versi, Baccara Vanille Les Fleurs du Golfe esemplifica la filosofia del marchio. Una fragranza ispirata ai profumi dell'Oriente, ma realizzata interamente in Francia. Una combinazione inaspettata che unisce profumi esotici e nuovi orizzonti olfattivi. Abbandonatevi al piacere di questa fragranza unica e approfittate della sua ricchezza.<\/p>\n<h2><strong>Il meglio dei due mondi con Baccara Vanille<\/strong><\/h2>\n<p>Le note di testa di questa fragranza del marchio sono un'ondata di profumi freschi. <a href=\"https:\/\/lescollectionsprivees.com\/it\/categoria-di-fragranze\/fragranze-occidentali\/i-fiori-del-golfo\/\"><strong>i fiori del Golfo<\/strong><\/a> Vaniglia, fiori tropicali, ambra, rose indiane e mandorle.<\/p>\n<p>Queste note lavorano insieme per catturare i sensi. Seguono le note di cuore, che rafforzano l'effetto donando Baccara Vanille.<\/p>\n<p>Un carattere robusto e melodioso al tempo stesso. Accordi delicati e inebrianti di profumi si susseguono, con una notevole interazione dei loro migliori attributi. Infine, le note di fondo chiudono il cerchio.<\/p>\n<p>\u00c8 una vera e propria processione di profumi orientali che conquister\u00e0 anche i nasi pi\u00f9 rigorosi.<\/p>\n<p>La sua scia intrigante, la notevole proiezione e la grande longevit\u00e0 ne fanno una fragranza alla vaniglia eccellente per tutte le occasioni.<\/p>\n<p>Per non parlare dell'armonia dei profumi che stuzzicheranno i vostri sensi e susciteranno l'interesse di tutti coloro che vi circondano. Non aspettate oltre e scopritelo senza indugio!<\/p>\n<h3><strong>Profumo alla vaniglia per tutte le occasioni<\/strong><\/h3>\n<p>Non esitate a fare di Baccara Vanille il pilastro della vostra collezione privata. A met\u00e0 strada tra un viaggio sensoriale, uno stato d'animo e una cascata di emozioni. Questa fragranza alla vaniglia vi dar\u00e0 tutta la presenza di cui avete bisogno. Una fragranza al tempo stesso accattivante e imponente, che sfrutta la sua lunga tenuta e la sua forte proiezione per accompagnarvi per ore.<\/p>","protected":false},"excerpt":{"rendered":"<p><strong><u>Dati tecnici :<\/u><\/strong><\/p>\n<p><strong>Nome del profumo<\/strong>\u00a0: Vaniglia Baccara<br \/>\n<strong>Marchio<\/strong>\u00a0: Les Fleurs du Golfe<br \/>\n<strong>Tipo<\/strong>\u00a0Unisex<br \/>\n<strong>Capacit\u00e0<\/strong>\u00a050 mL<\/p>\n<p><span style=\"text-decoration: underline;\"><strong>Profilo olfattivo :<\/strong><\/span><\/p>\n<p>Vaniglia, fiori tropicali, ambra, rose indiane e mandorle.<\/p>","protected":false},"featured_media":30485,"template":"","meta":[],"product_brand":[],"product_cat":[111,101],"product_tag":[],"class_list":["post-6411","product","type-product","status-publish","has-post-thumbnail","product_cat-les-fleurs-du-golfe","product_cat-parfums-occidentaux","pa_marque-les-fleurs-du-golfe","first","instock","taxable","shipping-taxable","purchasable","product-type-simple"],"yoast_head":"<!-- This site is optimized with the Yoast SEO plugin v28.3 - https:\/\/yoast.com\/product\/yoast-seo-wordpress\/ -->\n<title>Baccara vanille parfum 50ml | Collection Les Fleurs du Golfe<\/title>\n<meta name=\"description\" content=\"Inspir\u00e9 des senteurs d\u2019Orient et enti\u00e8rement fabriqu\u00e9 en France, Baccara Vanille Les Fleurs du Golfe refl\u00e8te la philosophie de la marque.\" \/>\n<meta name=\"robots\" content=\"index, follow, max-snippet:-1, max-image-preview:large, max-video-preview:-1\" \/>\n<link rel=\"canonical\" href=\"https:\/\/lescollectionsprivees.com\/it\/fragranza\/baccara-vaniglia-les-fleurs-du-golfe\/\" \/>\n<meta property=\"og:locale\" content=\"it_IT\" \/>\n<meta property=\"og:type\" content=\"article\" \/>\n<meta property=\"og:title\" content=\"Baccara vanille parfum 50ml | Collection Les Fleurs du Golfe\" \/>\n<meta property=\"og:description\" content=\"Inspir\u00e9 des senteurs d\u2019Orient et enti\u00e8rement fabriqu\u00e9 en France, Baccara Vanille Les Fleurs du Golfe refl\u00e8te la philosophie de la marque.\" \/>\n<meta property=\"og:url\" content=\"https:\/\/lescollectionsprivees.com\/it\/fragranza\/baccara-vaniglia-les-fleurs-du-golfe\/\" \/>\n<meta property=\"og:site_name\" content=\"Les Collections Priv\u00e9es\" \/>\n<meta property=\"article:modified_time\" content=\"2026-08-31T16:39:20+00:00\" \/>\n<meta property=\"og:image\" content=\"https:\/\/lescollectionsprivees.com\/wp-content\/uploads\/2020\/02\/baccara-vanille.jpg\" \/>\n\t<meta property=\"og:image:width\" content=\"600\" \/>\n\t<meta property=\"og:image:height\" content=\"600\" \/>\n\t<meta property=\"og:image:type\" content=\"image\/jpeg\" \/>\n<meta name=\"twitter:card\" content=\"summary_large_image\" \/>\n<meta name=\"twitter:label1\" content=\"Tempo di lettura stimato\" \/>\n\t<meta name=\"twitter:data1\" content=\"2 minuti\" \/>\n<script type=\"application\/ld+json\" class=\"yoast-schema-graph\">{\"@context\":\"https:\\\/\\\/schema.org\",\"@graph\":[{\"@type\":\"WebPage\",\"@id\":\"https:\\\/\\\/lescollectionsprivees.com\\\/parfum\\\/baccara-vanille-les-fleurs-du-golfe\\\/\",\"url\":\"https:\\\/\\\/lescollectionsprivees.com\\\/parfum\\\/baccara-vanille-les-fleurs-du-golfe\\\/\",\"name\":\"Baccara vanille parfum 50ml | Collection Les Fleurs du Golfe\",\"isPartOf\":{\"@id\":\"https:\\\/\\\/lescollectionsprivees.com\\\/#website\"},\"primaryImageOfPage\":{\"@id\":\"https:\\\/\\\/lescollectionsprivees.com\\\/parfum\\\/baccara-vanille-les-fleurs-du-golfe\\\/#primaryimage\"},\"image\":{\"@id\":\"https:\\\/\\\/lescollectionsprivees.com\\\/parfum\\\/baccara-vanille-les-fleurs-du-golfe\\\/#primaryimage\"},\"thumbnailUrl\":\"https:\\\/\\\/lescollectionsprivees.com\\\/wp-content\\\/uploads\\\/2020\\\/02\\\/baccara-vanille.jpg\",\"datePublished\":\"2020-02-06T12:41:40+00:00\",\"dateModified\":\"2026-08-31T16:39:20+00:00\",\"description\":\"Inspir\u00e9 des senteurs d\u2019Orient et enti\u00e8rement fabriqu\u00e9 en France, Baccara Vanille Les Fleurs du Golfe refl\u00e8te la philosophie de la marque.\",\"breadcrumb\":{\"@id\":\"https:\\\/\\\/lescollectionsprivees.com\\\/parfum\\\/baccara-vanille-les-fleurs-du-golfe\\\/#breadcrumb\"},\"inLanguage\":\"it-IT\",\"potentialAction\":[{\"@type\":\"ReadAction\",\"target\":[\"https:\\\/\\\/lescollectionsprivees.com\\\/parfum\\\/baccara-vanille-les-fleurs-du-golfe\\\/\"]}]},{\"@type\":\"ImageObject\",\"inLanguage\":\"it-IT\",\"@id\":\"https:\\\/\\\/lescollectionsprivees.com\\\/parfum\\\/baccara-vanille-les-fleurs-du-golfe\\\/#primaryimage\",\"url\":\"https:\\\/\\\/lescollectionsprivees.com\\\/wp-content\\\/uploads\\\/2020\\\/02\\\/baccara-vanille.jpg\",\"contentUrl\":\"https:\\\/\\\/lescollectionsprivees.com\\\/wp-content\\\/uploads\\\/2020\\\/02\\\/baccara-vanille.jpg\",\"width\":600,\"height\":600,\"caption\":\"baccara vanille\"},{\"@type\":\"BreadcrumbList\",\"@id\":\"https:\\\/\\\/lescollectionsprivees.com\\\/parfum\\\/baccara-vanille-les-fleurs-du-golfe\\\/#breadcrumb\",\"itemListElement\":[{\"@type\":\"ListItem\",\"position\":1,\"name\":\"Accueil\",\"item\":\"https:\\\/\\\/lescollectionsprivees.com\\\/\"},{\"@type\":\"ListItem\",\"position\":2,\"name\":\"Boutique\",\"item\":\"https:\\\/\\\/lescollectionsprivees.com\\\/boutique\\\/\"},{\"@type\":\"ListItem\",\"position\":3,\"name\":\"Baccara Vanille &#8211; Les Fleurs du Golfe\"}]},{\"@type\":\"WebSite\",\"@id\":\"https:\\\/\\\/lescollectionsprivees.com\\\/#website\",\"url\":\"https:\\\/\\\/lescollectionsprivees.com\\\/\",\"name\":\"Les Collections Priv\u00e9es\",\"description\":\"\",\"publisher\":{\"@id\":\"https:\\\/\\\/lescollectionsprivees.com\\\/#organization\"},\"potentialAction\":[{\"@type\":\"SearchAction\",\"target\":{\"@type\":\"EntryPoint\",\"urlTemplate\":\"https:\\\/\\\/lescollectionsprivees.com\\\/?s={search_term_string}\"},\"query-input\":{\"@type\":\"PropertyValueSpecification\",\"valueRequired\":true,\"valueName\":\"search_term_string\"}}],\"inLanguage\":\"it-IT\"},{\"@type\":\"Organization\",\"@id\":\"https:\\\/\\\/lescollectionsprivees.com\\\/#organization\",\"name\":\"Les Collections Priv\u00e9es\",\"url\":\"https:\\\/\\\/lescollectionsprivees.com\\\/\",\"logo\":{\"@type\":\"ImageObject\",\"inLanguage\":\"it-IT\",\"@id\":\"https:\\\/\\\/lescollectionsprivees.com\\\/#\\\/schema\\\/logo\\\/image\\\/\",\"url\":\"https:\\\/\\\/lescollectionsprivees.com\\\/wp-content\\\/uploads\\\/2020\\\/02\\\/Logo-Les-Collections-Priv\u00e9es-450x450-1.png\",\"contentUrl\":\"https:\\\/\\\/lescollectionsprivees.com\\\/wp-content\\\/uploads\\\/2020\\\/02\\\/Logo-Les-Collections-Priv\u00e9es-450x450-1.png\",\"width\":450,\"height\":450,\"caption\":\"Les Collections Priv\u00e9es\"},\"image\":{\"@id\":\"https:\\\/\\\/lescollectionsprivees.com\\\/#\\\/schema\\\/logo\\\/image\\\/\"}}]}<\/script>\n<!-- \/ Yoast SEO plugin. -->","yoast_head_json":{"title":"Profumo alla vaniglia Baccara 50ml | Collection Les Fleurs du Golfe","description":"Ispirato ai profumi dell'Oriente e prodotto interamente in Francia, Baccara Vanille Les Fleurs du Golfe riflette la filosofia del marchio.","robots":{"index":"index","follow":"follow","max-snippet":"max-snippet:-1","max-image-preview":"max-image-preview:large","max-video-preview":"max-video-preview:-1"},"canonical":"https:\/\/lescollectionsprivees.com\/it\/fragranza\/baccara-vaniglia-les-fleurs-du-golfe\/","og_locale":"it_IT","og_type":"article","og_title":"Baccara vanille parfum 50ml | Collection Les Fleurs du Golfe","og_description":"Inspir\u00e9 des senteurs d\u2019Orient et enti\u00e8rement fabriqu\u00e9 en France, Baccara Vanille Les Fleurs du Golfe refl\u00e8te la philosophie de la marque.","og_url":"https:\/\/lescollectionsprivees.com\/it\/fragranza\/baccara-vaniglia-les-fleurs-du-golfe\/","og_site_name":"Les Collections Priv\u00e9es","article_modified_time":"2026-08-31T16:39:20+00:00","og_image":[{"width":600,"height":600,"url":"https:\/\/lescollectionsprivees.com\/wp-content\/uploads\/2020\/02\/baccara-vanille.jpg","type":"image\/jpeg"}],"twitter_card":"summary_large_image","twitter_misc":{"Tempo di lettura stimato":"2 minuti"},"schema":{"@context":"https:\/\/schema.org","@graph":[{"@type":"WebPage","@id":"https:\/\/lescollectionsprivees.com\/parfum\/baccara-vanille-les-fleurs-du-golfe\/","url":"https:\/\/lescollectionsprivees.com\/parfum\/baccara-vanille-les-fleurs-du-golfe\/","name":"Profumo alla vaniglia Baccara 50ml | Collection Les Fleurs du Golfe","isPartOf":{"@id":"https:\/\/lescollectionsprivees.com\/#website"},"primaryImageOfPage":{"@id":"https:\/\/lescollectionsprivees.com\/parfum\/baccara-vanille-les-fleurs-du-golfe\/#primaryimage"},"image":{"@id":"https:\/\/lescollectionsprivees.com\/parfum\/baccara-vanille-les-fleurs-du-golfe\/#primaryimage"},"thumbnailUrl":"https:\/\/lescollectionsprivees.com\/wp-content\/uploads\/2020\/02\/baccara-vanille.jpg","datePublished":"2020-02-06T12:41:40+00:00","dateModified":"2026-08-31T16:39:20+00:00","description":"Ispirato ai profumi dell'Oriente e prodotto interamente in Francia, Baccara Vanille Les Fleurs du Golfe riflette la filosofia del marchio.","breadcrumb":{"@id":"https:\/\/lescollectionsprivees.com\/parfum\/baccara-vanille-les-fleurs-du-golfe\/#breadcrumb"},"inLanguage":"it-IT","potentialAction":[{"@type":"ReadAction","target":["https:\/\/lescollectionsprivees.com\/parfum\/baccara-vanille-les-fleurs-du-golfe\/"]}]},{"@type":"ImageObject","inLanguage":"it-IT","@id":"https:\/\/lescollectionsprivees.com\/parfum\/baccara-vanille-les-fleurs-du-golfe\/#primaryimage","url":"https:\/\/lescollectionsprivees.com\/wp-content\/uploads\/2020\/02\/baccara-vanille.jpg","contentUrl":"https:\/\/lescollectionsprivees.com\/wp-content\/uploads\/2020\/02\/baccara-vanille.jpg","width":600,"height":600,"caption":"baccara vanille"},{"@type":"BreadcrumbList","@id":"https:\/\/lescollectionsprivees.com\/parfum\/baccara-vanille-les-fleurs-du-golfe\/#breadcrumb","itemListElement":[{"@type":"ListItem","position":1,"name":"Accueil","item":"https:\/\/lescollectionsprivees.com\/"},{"@type":"ListItem","position":2,"name":"Boutique","item":"https:\/\/lescollectionsprivees.com\/boutique\/"},{"@type":"ListItem","position":3,"name":"Baccara Vanille &#8211; Les Fleurs du Golfe"}]},{"@type":"WebSite","@id":"https:\/\/lescollectionsprivees.com\/#website","url":"https:\/\/lescollectionsprivees.com\/","name":"Collezioni private","description":"","publisher":{"@id":"https:\/\/lescollectionsprivees.com\/#organization"},"potentialAction":[{"@type":"SearchAction","target":{"@type":"EntryPoint","urlTemplate":"https:\/\/lescollectionsprivees.com\/?s={search_term_string}"},"query-input":{"@type":"PropertyValueSpecification","valueRequired":true,"valueName":"search_term_string"}}],"inLanguage":"it-IT"},{"@type":"Organization","@id":"https:\/\/lescollectionsprivees.com\/#organization","name":"Collezioni private","url":"https:\/\/lescollectionsprivees.com\/","logo":{"@type":"ImageObject","inLanguage":"it-IT","@id":"https:\/\/lescollectionsprivees.com\/#\/schema\/logo\/image\/","url":"https:\/\/lescollectionsprivees.com\/wp-content\/uploads\/2020\/02\/Logo-Les-Collections-Priv\u00e9es-450x450-1.png","contentUrl":"https:\/\/lescollectionsprivees.com\/wp-content\/uploads\/2020\/02\/Logo-Les-Collections-Priv\u00e9es-450x450-1.png","width":450,"height":450,"caption":"Les Collections Priv\u00e9es"},"image":{"@id":"https:\/\/lescollectionsprivees.com\/#\/schema\/logo\/image\/"}}]}},"_links":{"self":[{"href":"https:\/\/lescollectionsprivees.com\/it\/wp-json\/wp\/v2\/product\/6411","targetHints":{"allow":["GET"]}}],"collection":[{"href":"https:\/\/lescollectionsprivees.com\/it\/wp-json\/wp\/v2\/product"}],"about":[{"href":"https:\/\/lescollectionsprivees.com\/it\/wp-json\/wp\/v2\/types\/product"}],"wp:featuredmedia":[{"embeddable":true,"href":"https:\/\/lescollectionsprivees.com\/it\/wp-json\/wp\/v2\/media\/30485"}],"wp:attachment":[{"href":"https:\/\/lescollectionsprivees.com\/it\/wp-json\/wp\/v2\/media?parent=6411"}],"wp:term":[{"taxonomy":"product_brand","embeddable":true,"href":"https:\/\/lescollectionsprivees.com\/it\/wp-json\/wp\/v2\/product_brand?post=6411"},{"taxonomy":"product_cat","embeddable":true,"href":"https:\/\/lescollectionsprivees.com\/it\/wp-json\/wp\/v2\/product_cat?post=6411"},{"taxonomy":"product_tag","embeddable":true,"href":"https:\/\/lescollectionsprivees.com\/it\/wp-json\/wp\/v2\/product_tag?post=6411"}],"curies":[{"name":"wp","href":"https:\/\/api.w.org\/{rel}","templated":true}]}}