{"id":6756,"date":"2020-02-10T20:29:36","date_gmt":"2020-02-10T20:29:36","guid":{"rendered":"https:\/\/lescollectionsprivees.com\/?page_id=6756"},"modified":"2025-12-23T08:32:43","modified_gmt":"2025-12-23T08:32:43","slug":"informacao-juridica","status":"publish","type":"page","link":"https:\/\/lescollectionsprivees.com\/pt\/mentions-legales\/","title":{"rendered":"Informa\u00e7\u00e3o jur\u00eddica"},"content":{"rendered":"<p>O s\u00edtio Web https:\/\/lescollectionsprivees.com\/ \u00e9 editado por L.P.S.<\/p>\n<p><strong>Propriet\u00e1rio<\/strong>\u00a0: Parfumerie de Duba\u00ef \u2013 L.P.S \u00e9 uma S.A.S.U com capital social de 100 \u20ac inscrita no RCS de Nanterre sob o n\u00famero 895 377 331. Sede social: 38 RUE DE LA BONGARDE, 92390 VILLENEUVE-LA-GARENNE Fran\u00e7a \u2013 Fran\u00e7a.<\/p>\n<h3>RGPD<\/h3>\n<p>Os dados pessoais recolhidos no nosso s\u00edtio s\u00e3o utilizados para processar os pedidos de registo e gerir as rela\u00e7\u00f5es comerciais (facturas, servi\u00e7o p\u00f3s-venda).<\/p>\n<p>Podemos tamb\u00e9m utilizar os seus dados para fins publicit\u00e1rios, quer ap\u00f3s obter o seu consentimento expresso, quer dentro dos limites autorizados por lei. Podemos tamb\u00e9m utilizar os seus dados para cumprir as nossas obriga\u00e7\u00f5es legais e\/ou regulamentares.<\/p>\n<p>Os destinat\u00e1rios dos seus dados pessoais s\u00e3o, quando aplic\u00e1vel, os nossos prestadores de servi\u00e7os de pagamento ou de seguran\u00e7a de pagamento, os nossos prestadores de servi\u00e7os de entrega e os nossos parceiros comerciais.<\/p>\n<p>Sempre que exigido por lei, o consentimento do utilizador ser\u00e1 obtido ou ser-lhe-\u00e1 dada a oportunidade de recusar antes da transmiss\u00e3o de quaisquer dados.<\/p>\n<p>Prospe\u00e7\u00e3o comercial por correio eletr\u00f3nico: Se j\u00e1 n\u00e3o desejar receber prospe\u00e7\u00e3o comercial por correio eletr\u00f3nico, pode anular a subscri\u00e7\u00e3o das newsletters em qualquer altura, clicando na liga\u00e7\u00e3o de anula\u00e7\u00e3o da subscri\u00e7\u00e3o em cada correio eletr\u00f3nico.<\/p>\n<h3>ALOJAMENTO<\/h3>\n<p>Este s\u00edtio \u00e9 alojado por<\/p>\n<p><strong>02switch<\/strong><\/p>\n<p>SARL com um capital de 100 000 euros<br \/>\nRCS Clermont-Ferrand B 510 909 807<br \/>\nC\u00f3digo APE 6311Z<br \/>\nN\u00daMERO DA SIRENE: 510 909 80700024<br \/>\nSede social: 224 bd Gustave Flaubert 63000 Clermont-Ferrand - FRAN\u00c7A<br \/>\nOperador de telecomunica\u00e7\u00f5es registado na ARCEP - Propriet\u00e1rio da sua rede AS50474.<\/p>\n<h3>COOKIES<\/h3>\n<p>Para melhorar a sua experi\u00eancia no nosso s\u00edtio Web, utilizamos cookies para melhorar a interatividade e os servi\u00e7os do s\u00edtio.<\/p>\n<h3>ENDERE\u00c7OS DE CORREIO ELECTR\u00d3NICO COLOCADOS EM LINHA<\/h3>\n<p>Este tipo de informa\u00e7\u00e3o \u00e9 colocado em linha para permitir aos utilizadores da Internet aceder mais rapidamente \u00e0s informa\u00e7\u00f5es que procuram. N\u00e3o pode ser utilizado para qualquer outro fim, nomeadamente para fins comerciais.<\/p>\n<h3>DIREITOS DE AUTOR E CR\u00c9DITO FOTOGR\u00c1FICO<\/h3>\n<p>Salvo indica\u00e7\u00e3o em contr\u00e1rio, a apresenta\u00e7\u00e3o, os elementos visuais e o conte\u00fado deste s\u00edtio (incluindo textos, fotografias, desenhos, diagramas, marcas e log\u00f3tipos) s\u00e3o obras protegidas pelo direito de propriedade intelectual e pertencem a L.P.S.<\/p>\n<p>Por conseguinte, e sob reserva das disposi\u00e7\u00f5es do C\u00f3digo da Propriedade Intelectual, estes layouts, visuais e conte\u00fados n\u00e3o podem ser utilizados, mesmo que parcialmente, modificados, adaptados, representados, incorporados ou traduzidos sem a autoriza\u00e7\u00e3o pr\u00e9via por escrito da L.P.S., em qualquer parte do mundo.<\/p>\n<h3>RESPONSABILIDADE<\/h3>\n<p>Todas as informa\u00e7\u00f5es contidas no s\u00edtio, independentemente da sua forma, t\u00eam um car\u00e1cter meramente informativo e n\u00e3o vinculam a L.P.S..<\/p>\n<p>L.P.S. n\u00e3o garante que essas informa\u00e7\u00f5es sejam exactas ou completas.<\/p>\n<p>Al\u00e9m disso, L.P.S. n\u00e3o pode ser responsabilizado por qualquer dano direto ou indireto sofrido por um utilizador da Internet em consequ\u00eancia da utiliza\u00e7\u00e3o deste s\u00edtio ou da impossibilidade de acesso ao mesmo.<\/p>\n<h3>MUDAN\u00c7A<\/h3>\n<p>L.P.S. reserva-se o direito de modificar este aviso legal a qualquer momento, sem ter de notificar os utilizadores. \u00c9 da exclusiva responsabilidade dos utilizadores verificar regularmente o conte\u00fado.<\/p>\n<h3>FUNCIONAMENTO<\/h3>\n<p>Se tiver algum coment\u00e1rio sobre o funcionamento do s\u00edtio, envie uma mensagem ao webmaster: contact@lescollectionsprivees.com<\/p>\n<h4>Contacte-nos em<\/h4>\n<p>Diretor da publica\u00e7\u00e3o: O Presidente<\/p>\n<p>Presidente do L.P.S.: Ait Lahcen Abderrahim<\/p>\n<p>N\u00famero de telefone :<\/p>\n<p>L.P.S. rege-se pelo direito franc\u00eas.<\/p>","protected":false},"excerpt":{"rendered":"<p>Le site https:\/\/lescollectionsprivees.com\/\u00a0est une publication de la soci\u00e9t\u00e9 L.P.S. Propri\u00e9taire\u00a0: Parfumerie de Duba\u00ef \u2013 L.P.S est une S.A.S.U au capital de 100\u20ac inscrite au RCS de Nanterre sous le num\u00e9ro 895 377 331. Si\u00e8ge social : 38 RUE DE LA BONGARDE, 92390 VILLENEUVE-LA-GARENNE France \u2013 France. RGPD Les donn\u00e9es personnelles collect\u00e9es sur notre site sont [&#8230;]\n","protected":false},"author":1,"featured_media":0,"parent":0,"menu_order":0,"comment_status":"closed","ping_status":"closed","template":"","meta":{"footnotes":""},"class_list":["post-6756","page","type-page","status-publish","hentry"],"yoast_head":"<!-- This site is optimized with the Yoast SEO plugin v27.3 - https:\/\/yoast.com\/product\/yoast-seo-wordpress\/ -->\n<title>Mentions L\u00e9gales - Les Collections Priv\u00e9es<\/title>\n<meta name=\"robots\" content=\"index, follow, max-snippet:-1, max-image-preview:large, max-video-preview:-1\" \/>\n<link rel=\"canonical\" href=\"https:\/\/lescollectionsprivees.com\/pt\/informacao-juridica\/\" \/>\n<meta property=\"og:locale\" content=\"pt_PT\" \/>\n<meta property=\"og:type\" content=\"article\" \/>\n<meta property=\"og:title\" content=\"Mentions L\u00e9gales - Les Collections Priv\u00e9es\" \/>\n<meta property=\"og:description\" content=\"Le site https:\/\/lescollectionsprivees.com\/\u00a0est une publication de la soci\u00e9t\u00e9 L.P.S. Propri\u00e9taire\u00a0: Parfumerie de Duba\u00ef \u2013 L.P.S est une S.A.S.U au capital de 100\u20ac inscrite au RCS de Nanterre sous le num\u00e9ro 895 377 331. Si\u00e8ge social : 38 RUE DE LA BONGARDE, 92390 VILLENEUVE-LA-GARENNE France \u2013 France. RGPD Les donn\u00e9es personnelles collect\u00e9es sur notre site sont [...]\" \/>\n<meta property=\"og:url\" content=\"https:\/\/lescollectionsprivees.com\/pt\/informacao-juridica\/\" \/>\n<meta property=\"og:site_name\" content=\"Les Collections Priv\u00e9es\" \/>\n<meta property=\"article:modified_time\" content=\"2025-12-23T08:32:43+00:00\" \/>\n<meta name=\"twitter:card\" content=\"summary_large_image\" \/>\n<meta name=\"twitter:label1\" content=\"Tempo estimado de leitura\" \/>\n\t<meta name=\"twitter:data1\" content=\"3 minutos\" \/>\n<script type=\"application\/ld+json\" class=\"yoast-schema-graph\">{\"@context\":\"https:\\\/\\\/schema.org\",\"@graph\":[{\"@type\":\"WebPage\",\"@id\":\"https:\\\/\\\/lescollectionsprivees.com\\\/mentions-legales\\\/\",\"url\":\"https:\\\/\\\/lescollectionsprivees.com\\\/mentions-legales\\\/\",\"name\":\"Mentions L\u00e9gales - Les Collections Priv\u00e9es\",\"isPartOf\":{\"@id\":\"https:\\\/\\\/lescollectionsprivees.com\\\/#website\"},\"datePublished\":\"2020-02-10T20:29:36+00:00\",\"dateModified\":\"2025-12-23T08:32:43+00:00\",\"breadcrumb\":{\"@id\":\"https:\\\/\\\/lescollectionsprivees.com\\\/mentions-legales\\\/#breadcrumb\"},\"inLanguage\":\"pt-PT\",\"potentialAction\":[{\"@type\":\"ReadAction\",\"target\":[\"https:\\\/\\\/lescollectionsprivees.com\\\/mentions-legales\\\/\"]}]},{\"@type\":\"BreadcrumbList\",\"@id\":\"https:\\\/\\\/lescollectionsprivees.com\\\/mentions-legales\\\/#breadcrumb\",\"itemListElement\":[{\"@type\":\"ListItem\",\"position\":1,\"name\":\"Accueil\",\"item\":\"https:\\\/\\\/lescollectionsprivees.com\\\/\"},{\"@type\":\"ListItem\",\"position\":2,\"name\":\"Mentions L\u00e9gales\"}]},{\"@type\":\"WebSite\",\"@id\":\"https:\\\/\\\/lescollectionsprivees.com\\\/#website\",\"url\":\"https:\\\/\\\/lescollectionsprivees.com\\\/\",\"name\":\"Les Collections Priv\u00e9es\",\"description\":\"\",\"publisher\":{\"@id\":\"https:\\\/\\\/lescollectionsprivees.com\\\/#organization\"},\"potentialAction\":[{\"@type\":\"SearchAction\",\"target\":{\"@type\":\"EntryPoint\",\"urlTemplate\":\"https:\\\/\\\/lescollectionsprivees.com\\\/?s={search_term_string}\"},\"query-input\":{\"@type\":\"PropertyValueSpecification\",\"valueRequired\":true,\"valueName\":\"search_term_string\"}}],\"inLanguage\":\"pt-PT\"},{\"@type\":\"Organization\",\"@id\":\"https:\\\/\\\/lescollectionsprivees.com\\\/#organization\",\"name\":\"Les Collections Priv\u00e9es\",\"url\":\"https:\\\/\\\/lescollectionsprivees.com\\\/\",\"logo\":{\"@type\":\"ImageObject\",\"inLanguage\":\"pt-PT\",\"@id\":\"https:\\\/\\\/lescollectionsprivees.com\\\/#\\\/schema\\\/logo\\\/image\\\/\",\"url\":\"https:\\\/\\\/lescollectionsprivees.com\\\/wp-content\\\/uploads\\\/2020\\\/02\\\/Logo-Les-Collections-Priv\u00e9es-450x450-1.png\",\"contentUrl\":\"https:\\\/\\\/lescollectionsprivees.com\\\/wp-content\\\/uploads\\\/2020\\\/02\\\/Logo-Les-Collections-Priv\u00e9es-450x450-1.png\",\"width\":450,\"height\":450,\"caption\":\"Les Collections Priv\u00e9es\"},\"image\":{\"@id\":\"https:\\\/\\\/lescollectionsprivees.com\\\/#\\\/schema\\\/logo\\\/image\\\/\"}}]}<\/script>\n<!-- \/ Yoast SEO plugin. -->","yoast_head_json":{"title":"Advert\u00eancia jur\u00eddica - Les Collections Priv\u00e9es","robots":{"index":"index","follow":"follow","max-snippet":"max-snippet:-1","max-image-preview":"max-image-preview:large","max-video-preview":"max-video-preview:-1"},"canonical":"https:\/\/lescollectionsprivees.com\/pt\/informacao-juridica\/","og_locale":"pt_PT","og_type":"article","og_title":"Mentions L\u00e9gales - Les Collections Priv\u00e9es","og_description":"Le site https:\/\/lescollectionsprivees.com\/\u00a0est une publication de la soci\u00e9t\u00e9 L.P.S. Propri\u00e9taire\u00a0: Parfumerie de Duba\u00ef \u2013 L.P.S est une S.A.S.U au capital de 100\u20ac inscrite au RCS de Nanterre sous le num\u00e9ro 895 377 331. Si\u00e8ge social : 38 RUE DE LA BONGARDE, 92390 VILLENEUVE-LA-GARENNE France \u2013 France. RGPD Les donn\u00e9es personnelles collect\u00e9es sur notre site sont [...]","og_url":"https:\/\/lescollectionsprivees.com\/pt\/informacao-juridica\/","og_site_name":"Les Collections Priv\u00e9es","article_modified_time":"2025-12-23T08:32:43+00:00","twitter_card":"summary_large_image","twitter_misc":{"Tempo estimado de leitura":"3 minutos"},"schema":{"@context":"https:\/\/schema.org","@graph":[{"@type":"WebPage","@id":"https:\/\/lescollectionsprivees.com\/mentions-legales\/","url":"https:\/\/lescollectionsprivees.com\/mentions-legales\/","name":"Advert\u00eancia jur\u00eddica - Les Collections Priv\u00e9es","isPartOf":{"@id":"https:\/\/lescollectionsprivees.com\/#website"},"datePublished":"2020-02-10T20:29:36+00:00","dateModified":"2025-12-23T08:32:43+00:00","breadcrumb":{"@id":"https:\/\/lescollectionsprivees.com\/mentions-legales\/#breadcrumb"},"inLanguage":"pt-PT","potentialAction":[{"@type":"ReadAction","target":["https:\/\/lescollectionsprivees.com\/mentions-legales\/"]}]},{"@type":"BreadcrumbList","@id":"https:\/\/lescollectionsprivees.com\/mentions-legales\/#breadcrumb","itemListElement":[{"@type":"ListItem","position":1,"name":"Accueil","item":"https:\/\/lescollectionsprivees.com\/"},{"@type":"ListItem","position":2,"name":"Mentions L\u00e9gales"}]},{"@type":"WebSite","@id":"https:\/\/lescollectionsprivees.com\/#website","url":"https:\/\/lescollectionsprivees.com\/","name":"Colec\u00e7\u00f5es privadas","description":"","publisher":{"@id":"https:\/\/lescollectionsprivees.com\/#organization"},"potentialAction":[{"@type":"SearchAction","target":{"@type":"EntryPoint","urlTemplate":"https:\/\/lescollectionsprivees.com\/?s={search_term_string}"},"query-input":{"@type":"PropertyValueSpecification","valueRequired":true,"valueName":"search_term_string"}}],"inLanguage":"pt-PT"},{"@type":"Organization","@id":"https:\/\/lescollectionsprivees.com\/#organization","name":"Colec\u00e7\u00f5es privadas","url":"https:\/\/lescollectionsprivees.com\/","logo":{"@type":"ImageObject","inLanguage":"pt-PT","@id":"https:\/\/lescollectionsprivees.com\/#\/schema\/logo\/image\/","url":"https:\/\/lescollectionsprivees.com\/wp-content\/uploads\/2020\/02\/Logo-Les-Collections-Priv\u00e9es-450x450-1.png","contentUrl":"https:\/\/lescollectionsprivees.com\/wp-content\/uploads\/2020\/02\/Logo-Les-Collections-Priv\u00e9es-450x450-1.png","width":450,"height":450,"caption":"Les Collections Priv\u00e9es"},"image":{"@id":"https:\/\/lescollectionsprivees.com\/#\/schema\/logo\/image\/"}}]}},"_links":{"self":[{"href":"https:\/\/lescollectionsprivees.com\/pt\/wp-json\/wp\/v2\/pages\/6756","targetHints":{"allow":["GET"]}}],"collection":[{"href":"https:\/\/lescollectionsprivees.com\/pt\/wp-json\/wp\/v2\/pages"}],"about":[{"href":"https:\/\/lescollectionsprivees.com\/pt\/wp-json\/wp\/v2\/types\/page"}],"author":[{"embeddable":true,"href":"https:\/\/lescollectionsprivees.com\/pt\/wp-json\/wp\/v2\/users\/1"}],"replies":[{"embeddable":true,"href":"https:\/\/lescollectionsprivees.com\/pt\/wp-json\/wp\/v2\/comments?post=6756"}],"version-history":[{"count":3,"href":"https:\/\/lescollectionsprivees.com\/pt\/wp-json\/wp\/v2\/pages\/6756\/revisions"}],"predecessor-version":[{"id":37183,"href":"https:\/\/lescollectionsprivees.com\/pt\/wp-json\/wp\/v2\/pages\/6756\/revisions\/37183"}],"wp:attachment":[{"href":"https:\/\/lescollectionsprivees.com\/pt\/wp-json\/wp\/v2\/media?parent=6756"}],"curies":[{"name":"wp","href":"https:\/\/api.w.org\/{rel}","templated":true}]}}